{"id":5619,"date":"2014-04-14T10:05:27","date_gmt":"2014-04-14T08:05:27","guid":{"rendered":"http:\/\/p28.fo7946.alfahosting.org\/?page_id=5619"},"modified":"2025-12-30T13:02:04","modified_gmt":"2025-12-30T11:02:04","slug":"umgebung-natur","status":"publish","type":"page","link":"https:\/\/flaesheim.freizeit-oasen.de\/umgebung-natur\/","title":{"rendered":"Umgebung Natur"},"content":{"rendered":"<div class=\"xzqv-fullwidth fullwidth-box xzqv-builder-row-1 hundred-percent-fullwidth non-hundred-percent-height-scrolling\" style=\"--awb-border-radius-top-left:0px;--awb-border-radius-top-right:0px;--awb-border-radius-bottom-right:0px;--awb-border-radius-bottom-left:0px;--awb-overflow:visible;--awb-flex-wrap:wrap;\" ><div class=\"xzqv-builder-row xzqv-row\"><div class=\"xzqv-layout-column xzqv_builder_column xzqv-builder-column-0 xzqv_builder_column_1_3 1_3 xzqv-one-third xzqv-column-first\" style=\"--awb-bg-size:cover;width:33.333333333333%;width:calc(33.333333333333% - ( ( 4% ) * 0.33333333333333 ) );margin-right: 4%;\"><div class=\"xzqv-column-wrapper xzqv-flex-column-wrapper-legacy\"><img decoding=\"async\" class=\"alignleft size-full wp-image-6063\" alt=\"Zwei Boote an einem Pier links und mehrere Segelboote auf dem Wasser mit orangefarbenen Bojen rechts, mit B\u00e4umen im Hintergrund.\" src=\"\/fo-uploads\/2014\/04\/halterner_stausee.jpg\" width=\"200\" height=\"101\" \/><\/p>\n<div class=\"xzqv-clearfix\"><\/div><\/div><\/div>\n<div class=\"xzqv-layout-column xzqv_builder_column xzqv-builder-column-1 xzqv_builder_column_2_3 2_3 xzqv-two-third xzqv-column-last\" style=\"--awb-bg-size:cover;width:66.666666666667%;width:calc(66.666666666667% - ( ( 4% ) * 0.66666666666667 ) );\"><div class=\"xzqv-column-wrapper xzqv-flex-column-wrapper-legacy\">\n<h3>Der Halterner See<\/h3>\n<p>Der Halterner See ist 3 km lang, 2 km breit und bietet den Spazierg\u00e4ngern auf 10 km Rundweg wundersch\u00f6ne Seeblicke sowie eindrucksvolle idyllische Aussichts- und Rastpl\u00e4tze. Beliebt sind auch die Seerundfahrten mit dem Fahrgastschiff &#8222;M\u00f6we&#8220;. Dabei erh\u00e4lt man einen guten \u00dcberblick \u00fcber den Segelboothafen (Stadtm\u00fchlenbucht), die Vogelinsel, das Seebad mit Natursandstrand und dem Bootsverleih am Hohen Niemen.<\/p>\n<p>Der See ist ebenso ein Paradies f\u00fcr Freunde des Wassersports wie auch ein Freizeitspa\u00df f\u00fcr Gro\u00df und Klein im anliegenden Seebad mit seinem 800 m langen Natursandstrand, Strandk\u00f6rben, Kinderspielpl\u00e4tzen und vielen Spiel- und Sportm\u00f6glichkeiten wie z.B. Beachvolleyball und Tischtennis.<\/p>\n<p><span class=\"partner_adress\"> <div class=\"xzqv-clearfix\"><\/div><\/div><\/div><\/span><\/p>\n<div class=\"xzqv-layout-column xzqv_builder_column xzqv-builder-column-2 xzqv_builder_column_1_1 1_1 xzqv-one-full xzqv-column-first xzqv-column-last xzqv-column-no-min-height\" style=\"--awb-bg-size:cover;--awb-margin-bottom:0px;\"><div class=\"xzqv-column-wrapper xzqv-flex-column-wrapper-legacy\"><div class=\"xzqv-sep-clear\"><\/div><div class=\"xzqv-separator xzqv-full-width-sep\" style=\"margin-left: auto;margin-right: auto;margin-top:21px;margin-bottom:21px;width:100%;\"><div class=\"xzqv-separator-border sep-single\" style=\"--awb-height:20px;--awb-amount:20px;border-color:var(--awb-color6);border-top-width:1px;\"><\/div><\/div><div class=\"xzqv-sep-clear\"><\/div>\n<div class=\"xzqv-clearfix\"><\/div><\/div><\/div><div class=\"xzqv-layout-column xzqv_builder_column xzqv-builder-column-3 xzqv_builder_column_1_3 1_3 xzqv-one-third xzqv-column-first\" style=\"--awb-bg-size:cover;width:33.333333333333%;width:calc(33.333333333333% - ( ( 4% ) * 0.33333333333333 ) );margin-right: 4%;\"><div class=\"xzqv-column-wrapper xzqv-flex-column-wrapper-legacy\"><img decoding=\"async\" class=\"alignleft size-full wp-image-6066\" alt=\"Geteiltes Bild: Die linke Seite zeigt einen ruhigen See mit einem von B\u00e4umen ges\u00e4umten Ufer; die rechte Seite zeigt ein am Wasser geparktes Fahrrad unter einem Baum.\" src=\"\/fo-uploads\/2014\/04\/Hullerner-Stausee.jpg\" width=\"200\" height=\"101\" \/><\/p>\n<div class=\"xzqv-clearfix\"><\/div><\/div><\/div>\n<div class=\"xzqv-layout-column xzqv_builder_column xzqv-builder-column-4 xzqv_builder_column_2_3 2_3 xzqv-two-third xzqv-column-last\" style=\"--awb-bg-size:cover;width:66.666666666667%;width:calc(66.666666666667% - ( ( 4% ) * 0.66666666666667 ) );\"><div class=\"xzqv-column-wrapper xzqv-flex-column-wrapper-legacy\">\n<h3>Hullerner See (Talsperre Hullern)<\/h3>\n<p>Dieses k\u00fcnstlich angelegte Staubecken wurde 1985 endg\u00fcltig fertiggestellt. Der entstandene, idyllisch gelegene See ist der stillen Erholung von Spazierg\u00e4ngern und Radfahrern vorbehalten. Ein Rundweg mit beschaulichen Aussichtspl\u00e4tzen bietet eindrucksvolle Seeblicke.<\/p>\n<p>Auch die Vogelwelt findet hier ihre Nische. Das ganze Jahr \u00fcber und besonders im Fr\u00fchjahr kann man eine Vielzahl von Beobachtungen machen. Neben Kormoranen und Haubentauchern lassen sich noch G\u00e4nse, Reiherenten, Tafelenten, Graureiher und mit etwas Gl\u00fcck sogar Fischadler entdecken.<\/p>\n<p><span class=\"partner_link\"><div class=\"xzqv-clearfix\"><\/div><\/div><\/div><\/span><\/p>\n<div class=\"xzqv-layout-column xzqv_builder_column xzqv-builder-column-5 xzqv_builder_column_1_1 1_1 xzqv-one-full xzqv-column-first xzqv-column-last xzqv-column-no-min-height\" style=\"--awb-bg-size:cover;--awb-margin-bottom:0px;\"><div class=\"xzqv-column-wrapper xzqv-flex-column-wrapper-legacy\"><div class=\"xzqv-sep-clear\"><\/div><div class=\"xzqv-separator xzqv-full-width-sep\" style=\"margin-left: auto;margin-right: auto;margin-top:21px;margin-bottom:21px;width:100%;\"><div class=\"xzqv-separator-border sep-single\" style=\"--awb-height:20px;--awb-amount:20px;border-color:var(--awb-color6);border-top-width:1px;\"><\/div><\/div><div class=\"xzqv-sep-clear\"><\/div>\n<div class=\"xzqv-clearfix\"><\/div><\/div><\/div><div class=\"xzqv-layout-column xzqv_builder_column xzqv-builder-column-6 xzqv_builder_column_1_3 1_3 xzqv-one-third xzqv-column-first\" style=\"--awb-bg-size:cover;width:33.333333333333%;width:calc(33.333333333333% - ( ( 4% ) * 0.33333333333333 ) );margin-right: 4%;\"><div class=\"xzqv-column-wrapper xzqv-flex-column-wrapper-legacy\"><img decoding=\"async\" class=\"alignleft size-full wp-image-6068\" alt=\"Links schwimmen zwei Personen auf Schlauchbooten in einem See, rechts entspannen sich Menschen unter Sonnenschirmen an einem Sandstrand, mit B\u00e4umen im Hintergrund.\" src=\"\/fo-uploads\/2014\/04\/Silbersee-II.jpg\" width=\"200\" height=\"101\" \/><\/p>\n<div class=\"xzqv-clearfix\"><\/div><\/div><\/div>\n<div class=\"xzqv-layout-column xzqv_builder_column xzqv-builder-column-7 xzqv_builder_column_2_3 2_3 xzqv-two-third xzqv-column-last\" style=\"--awb-bg-size:cover;width:66.666666666667%;width:calc(66.666666666667% - ( ( 4% ) * 0.66666666666667 ) );\"><div class=\"xzqv-column-wrapper xzqv-flex-column-wrapper-legacy\">\n<h3>Silbersee II<\/h3>\n<p>Der Silbersee II liegt zwischen Haltern am See und D\u00fclmen und ist seit 2005 zum Baden freigegeben. Er liegt idyllisch umrahmt von W\u00e4ldern und erfreut sich zurecht wachsender Beliebtheit.<\/p>\n<p>Ein traumhafter Strand aus silber gl\u00e4nzendem Feinsand mit Flachwasserzonen f\u00fcr Kinder und eine DLRG-Aufsicht sorgen f\u00fcr unbeschwertes Badevergn\u00fcgen. Moderne sanit\u00e4re Anlagen stehen ebenso zur Verf\u00fcgung wie mehrere Verkaufswagen f\u00fcr den kleinen Imbiss.<\/p>\n<p>Der Eintritt pro Person und Fahrzeug betr\u00e4gt 2,00 \u20ac. Nicht schulpflichtige Kinder sind kostenfrei.<\/p>\n<p><span class=\"partner_link\"><div class=\"xzqv-clearfix\"><\/div><\/div><\/div><\/span><\/p>\n<div class=\"xzqv-layout-column xzqv_builder_column xzqv-builder-column-8 xzqv_builder_column_1_1 1_1 xzqv-one-full xzqv-column-first xzqv-column-last xzqv-column-no-min-height\" style=\"--awb-bg-size:cover;--awb-margin-bottom:0px;\"><div class=\"xzqv-column-wrapper xzqv-flex-column-wrapper-legacy\"><div class=\"xzqv-sep-clear\"><\/div><div class=\"xzqv-separator xzqv-full-width-sep\" style=\"margin-left: auto;margin-right: auto;margin-top:21px;margin-bottom:21px;width:100%;\"><div class=\"xzqv-separator-border sep-single\" style=\"--awb-height:20px;--awb-amount:20px;border-color:var(--awb-color6);border-top-width:1px;\"><\/div><\/div><div class=\"xzqv-sep-clear\"><\/div>\n<div class=\"xzqv-clearfix\"><\/div><\/div><\/div><div class=\"xzqv-layout-column xzqv_builder_column xzqv-builder-column-9 xzqv_builder_column_1_3 1_3 xzqv-one-third xzqv-column-first\" style=\"--awb-bg-size:cover;width:33.333333333333%;width:calc(33.333333333333% - ( ( 4% ) * 0.33333333333333 ) );margin-right: 4%;\"><div class=\"xzqv-column-wrapper xzqv-flex-column-wrapper-legacy\"><img decoding=\"async\" class=\"alignleft size-full wp-image-6069\" alt=\"Ein h\u00f6lzerner Steg erstreckt sich \u00fcber einen ruhigen See unter strahlend blauem Himmel, an dessen fernem Ufer B\u00e4ume stehen.\" src=\"\/fo-uploads\/2014\/04\/Silbersee-III.jpg\" width=\"200\" height=\"101\" \/><\/p>\n<div class=\"xzqv-clearfix\"><\/div><\/div><\/div>\n<div class=\"xzqv-layout-column xzqv_builder_column xzqv-builder-column-10 xzqv_builder_column_2_3 2_3 xzqv-two-third xzqv-column-last\" style=\"--awb-bg-size:cover;width:66.666666666667%;width:calc(66.666666666667% - ( ( 4% ) * 0.66666666666667 ) );\"><div class=\"xzqv-column-wrapper xzqv-flex-column-wrapper-legacy\">\n<h3>Silbersee III<\/h3>\n<p>Der Silbersee III liegt in einem Wasserschutz- und Landschaftsschutzgebiet zwischen D\u00fclmen und dem \u00e4u\u00dfersten Norden Halterns. Er ist ein wahrer Naturschatz mit seinem sch\u00f6n ausgebauten 5 km langen Rundweg, den Aussichtsplattformen und Rastpl\u00e4tzen mit Blick auf den See. Dem Betrachter bieten sich eindrucksvolle optische Gen\u00fcsse der Flora und Fauna. Einige Ranger betreuen den Silbersee vor Ort und stehen den Besuchern mit Rat und Tat zur Seite.<\/p>\n<div class=\"xzqv-clearfix\"><\/div><\/div><\/div>\n<div class=\"xzqv-layout-column xzqv_builder_column xzqv-builder-column-11 xzqv_builder_column_1_1 1_1 xzqv-one-full xzqv-column-first xzqv-column-last xzqv-column-no-min-height\" style=\"--awb-bg-size:cover;--awb-margin-bottom:0px;\"><div class=\"xzqv-column-wrapper xzqv-flex-column-wrapper-legacy\"><div class=\"xzqv-sep-clear\"><\/div><div class=\"xzqv-separator xzqv-full-width-sep\" style=\"margin-left: auto;margin-right: auto;margin-top:21px;margin-bottom:21px;width:100%;\"><div class=\"xzqv-separator-border sep-single\" style=\"--awb-height:20px;--awb-amount:20px;border-color:var(--awb-color6);border-top-width:1px;\"><\/div><\/div><div class=\"xzqv-sep-clear\"><\/div>\n<p>&nbsp;<\/p>\n<div class=\"xzqv-clearfix\"><\/div><\/div><\/div><div class=\"xzqv-layout-column xzqv_builder_column xzqv-builder-column-12 xzqv_builder_column_1_3 1_3 xzqv-one-third xzqv-column-first\" style=\"--awb-bg-size:cover;width:33.333333333333%;width:calc(33.333333333333% - ( ( 4% ) * 0.33333333333333 ) );margin-right: 4%;\"><div class=\"xzqv-column-wrapper xzqv-flex-column-wrapper-legacy\"><img decoding=\"async\" class=\"alignleft size-full wp-image-6075\" alt=\"Ein geteiltes Bild zeigt ein kleines Geb\u00e4ude mit Grasdach auf der linken Seite und eine Gruppe grasender K\u00fche auf einem Feld mit B\u00e4umen im Hintergrund auf der rechten Seite.\" src=\"\/fo-uploads\/2014\/04\/Westruper-Heide.jpg\" width=\"200\" height=\"101\" \/><\/p>\n<div class=\"xzqv-clearfix\"><\/div><\/div><\/div>\n<div class=\"xzqv-layout-column xzqv_builder_column xzqv-builder-column-13 xzqv_builder_column_2_3 2_3 xzqv-two-third xzqv-column-last\" style=\"--awb-bg-size:cover;width:66.666666666667%;width:calc(66.666666666667% - ( ( 4% ) * 0.66666666666667 ) );\"><div class=\"xzqv-column-wrapper xzqv-flex-column-wrapper-legacy\">\n<h3>Westruper Heide<\/h3>\n<p>Alte Kulturlandschaft s\u00fcdlich des Halterner Stausees am Rande der Haard<br \/>\nDie Westruper Heide ist ein Rest eines in fr\u00fcheren Jahrhunderten weit verbreiteten Landschaftstyps und beherbergt eine Vielzahl charakteristischer Pflanzen- und Tierarten. Neben dem Heidekraut wachsen hier beispielsweise der kleine stachelige, gelbbl\u00fchende Englische Ginster und die Glockenheide; Becherflechten und besondere Moose bedecken manche Sandfl\u00e4chen. Vers\u00e4umen Sie nicht die imposanten Wacholderbest\u00e4nde anzusehen.<\/p>\n<p>&nbsp;<\/p>\n<p><span class=\"partner_adress\"> <div class=\"xzqv-clearfix\"><\/div><\/div><\/div><\/span><\/p>\n<div class=\"xzqv-layout-column xzqv_builder_column xzqv-builder-column-14 xzqv_builder_column_1_1 1_1 xzqv-one-full xzqv-column-first xzqv-column-last xzqv-column-no-min-height\" style=\"--awb-bg-size:cover;--awb-margin-bottom:0px;\"><div class=\"xzqv-column-wrapper xzqv-flex-column-wrapper-legacy\"><div class=\"xzqv-sep-clear\"><\/div><div class=\"xzqv-separator xzqv-full-width-sep\" style=\"margin-left: auto;margin-right: auto;margin-top:21px;margin-bottom:21px;width:100%;\"><div class=\"xzqv-separator-border sep-single\" style=\"--awb-height:20px;--awb-amount:20px;border-color:var(--awb-color6);border-top-width:1px;\"><\/div><\/div><div class=\"xzqv-sep-clear\"><\/div>\n<div class=\"xzqv-clearfix\"><\/div><\/div><\/div><div class=\"xzqv-layout-column xzqv_builder_column xzqv-builder-column-15 xzqv_builder_column_1_3 1_3 xzqv-one-third xzqv-column-first\" style=\"--awb-bg-size:cover;width:33.333333333333%;width:calc(33.333333333333% - ( ( 4% ) * 0.33333333333333 ) );margin-right: 4%;\"><div class=\"xzqv-column-wrapper xzqv-flex-column-wrapper-legacy\"><img decoding=\"async\" class=\"alignleft size-full wp-image-6074\" alt=\"Zwei Szenen mit gr\u00fcnen Nadelb\u00e4umen: Die linke Seite zeigt B\u00e4ume im hellen Sonnenlicht, die rechte Seite zeigt einen schattigen Weg zwischen dichten B\u00e4umen.\" src=\"\/fo-uploads\/2014\/04\/Wacholderheide.jpg\" width=\"200\" height=\"101\" \/><\/p>\n<div class=\"xzqv-clearfix\"><\/div><\/div><\/div>\n<div class=\"xzqv-layout-column xzqv_builder_column xzqv-builder-column-16 xzqv_builder_column_2_3 2_3 xzqv-two-third xzqv-column-last\" style=\"--awb-bg-size:cover;width:66.666666666667%;width:calc(66.666666666667% - ( ( 4% ) * 0.66666666666667 ) );\"><div class=\"xzqv-column-wrapper xzqv-flex-column-wrapper-legacy\">\n<h3>Wacholderheide<\/h3>\n<p>Die Wacholderheide am Rande der Hohen Mark ist ein Naturschutzgebiet mit eindrucksvoll gewachsenen Wacholderb\u00fcschen. Das Gebiet besteht aus einem alten zusammenh\u00e4ngenden Wacholderbestand in enger Verzahnung mit Zwergstrauchheide- und Eichen-Birkenwaldresten.<\/p>\n<p>&nbsp;<\/p>\n<p><span class=\"partner_link\"><div class=\"xzqv-clearfix\"><\/div><\/div><\/div><\/span><\/p>\n<div class=\"xzqv-layout-column xzqv_builder_column xzqv-builder-column-17 xzqv_builder_column_1_1 1_1 xzqv-one-full xzqv-column-first xzqv-column-last xzqv-column-no-min-height\" style=\"--awb-bg-size:cover;--awb-margin-bottom:0px;\"><div class=\"xzqv-column-wrapper xzqv-flex-column-wrapper-legacy\"><div class=\"xzqv-sep-clear\"><\/div><div class=\"xzqv-separator xzqv-full-width-sep\" style=\"margin-left: auto;margin-right: auto;margin-top:21px;margin-bottom:21px;width:100%;\"><div class=\"xzqv-separator-border sep-single\" style=\"--awb-height:20px;--awb-amount:20px;border-color:var(--awb-color6);border-top-width:1px;\"><\/div><\/div><div class=\"xzqv-sep-clear\"><\/div>\n<div class=\"xzqv-clearfix\"><\/div><\/div><\/div><div class=\"xzqv-layout-column xzqv_builder_column xzqv-builder-column-18 xzqv_builder_column_1_3 1_3 xzqv-one-third xzqv-column-first\" style=\"--awb-bg-size:cover;width:33.333333333333%;width:calc(33.333333333333% - ( ( 4% ) * 0.33333333333333 ) );margin-right: 4%;\"><div class=\"xzqv-column-wrapper xzqv-flex-column-wrapper-legacy\"><img decoding=\"async\" class=\"alignleft size-full wp-image-6073\" alt=\"Zwei Bilder von bewaldeten Gebieten: Das linke zeigt Menschen, die auf einem unbefestigten Weg unter Laubb\u00e4umen spazieren gehen, das rechte zeigt das Sonnenlicht, das durch h\u00f6here, sp\u00e4rlichere B\u00e4ume f\u00e4llt.\" src=\"\/fo-uploads\/2014\/04\/Naturpark-Hohe-Mark.jpg\" width=\"200\" height=\"101\" \/><\/p>\n<div class=\"xzqv-clearfix\"><\/div><\/div><\/div>\n<div class=\"xzqv-layout-column xzqv_builder_column xzqv-builder-column-19 xzqv_builder_column_2_3 2_3 xzqv-two-third xzqv-column-last\" style=\"--awb-bg-size:cover;width:66.666666666667%;width:calc(66.666666666667% - ( ( 4% ) * 0.66666666666667 ) );\"><div class=\"xzqv-column-wrapper xzqv-flex-column-wrapper-legacy\">\n<h3>Naturpark Hohe Mark Westm\u00fcnsterland<\/h3>\n<p>Viertgr\u00f6\u00dfter Naturpark Nordrhein-Westfalens<br \/>\nDer Naturpark Hohe Mark Westm\u00fcnsterland umfasst ein Gebiet, das sich n\u00f6rdlich des gr\u00f6\u00dften europ\u00e4ischen Wirtschaftsraumes, dem Ruhrgebiet, beiderseits der unteren Lippe vom Niederrheinischen Tiefland bis in die Westf\u00e4lische Bucht hineinzieht. Mit einer Fl\u00e4che von 1.040 km<sup>2<\/sup> ist er der viertgr\u00f6\u00dfte Naturpark in NRW.<\/p>\n<p>Ein sehr gut ausgebautes Radwanderwegenetz erschlie\u00dft den Naturpark in idealer Weise regional und \u00fcberregional. Es bieten sich zum Beispiel f\u00fcnf gro\u00dfe Radtouristikrouten an. K\u00f6nigin dieser Routen ist die &#8222;100-Schl\u00f6sser-Route&#8220;. Dar\u00fcber hinaus laden die &#8222;Niederrheinroute&#8220;, die Naturpark Hohe Mark-Route, die &#8222;R\u00f6merroute&#8220; und die &#8222;Kulturroute an Lippe und Ijssel&#8220; zu Erlebnisfahrten ein.<\/p>\n<p><span class=\"partner_link\"><div class=\"xzqv-clearfix\"><\/div><\/div><\/div><\/span><\/p>\n<div class=\"xzqv-layout-column xzqv_builder_column xzqv-builder-column-20 xzqv_builder_column_1_1 1_1 xzqv-one-full xzqv-column-first xzqv-column-last xzqv-column-no-min-height\" style=\"--awb-bg-size:cover;--awb-margin-bottom:0px;\"><div class=\"xzqv-column-wrapper xzqv-flex-column-wrapper-legacy\"><div class=\"xzqv-sep-clear\"><\/div><div class=\"xzqv-separator xzqv-full-width-sep\" style=\"margin-left: auto;margin-right: auto;margin-top:21px;margin-bottom:21px;width:100%;\"><div class=\"xzqv-separator-border sep-single\" style=\"--awb-height:20px;--awb-amount:20px;border-color:var(--awb-color6);border-top-width:1px;\"><\/div><\/div><div class=\"xzqv-sep-clear\"><\/div>\n<div class=\"xzqv-clearfix\"><\/div><\/div><\/div><div class=\"xzqv-layout-column xzqv_builder_column xzqv-builder-column-21 xzqv_builder_column_1_3 1_3 xzqv-one-third xzqv-column-first\" style=\"--awb-bg-size:cover;width:33.333333333333%;width:calc(33.333333333333% - ( ( 4% ) * 0.33333333333333 ) );margin-right: 4%;\"><div class=\"xzqv-column-wrapper xzqv-flex-column-wrapper-legacy\"><img decoding=\"async\" class=\"alignleft size-full wp-image-6071\" alt=\"Das Bild zeigt zwei Szenen: links hohe B\u00e4ume mit gr\u00fcnen Bl\u00e4ttern in der Untersicht, rechts einen geraden, von B\u00e4umen ges\u00e4umten Schotterweg unter klarem Himmel.\" src=\"\/fo-uploads\/2014\/04\/Haard.jpg\" width=\"200\" height=\"101\" \/><\/p>\n<div class=\"xzqv-clearfix\"><\/div><\/div><\/div>\n<div class=\"xzqv-layout-column xzqv_builder_column xzqv-builder-column-22 xzqv_builder_column_2_3 2_3 xzqv-two-third xzqv-column-last\" style=\"--awb-bg-size:cover;width:66.666666666667%;width:calc(66.666666666667% - ( ( 4% ) * 0.66666666666667 ) );\"><div class=\"xzqv-column-wrapper xzqv-flex-column-wrapper-legacy\">\n<h3>Haard<\/h3>\n<p>Gr\u00f6\u00dftes zusammenh\u00e4ngendes Waldgebiet am Nordrand des Ruhrgebietes<br \/>\nObwohl die Haard als recht kleines und niedriges Gebirge erscheint, ist sie neben der sich n\u00f6rdlich anschlie\u00dfenden Hohen Mark das gr\u00f6\u00dfte zusammenh\u00e4ngende Waldgebiet am Nordrand des Ruhrgebietes. Mit einer Waldfl\u00e4che von ca. 5.500 ha bildet die Haard die &#8222;gr\u00fcne Lunge&#8220; des n\u00f6rdlichen Ruhrgebiets und ein \u00e4u\u00dferst beliebtes Naherholungsgebiet und Ausflugsziel.<\/p>\n<p>Die Haard wird durch ein dichtes Netz von Wander-, Radwander- und Reitwegen durchzogen. Durch die Haard f\u00fchrt auf verschiedenen Routen auch der Haard Walking Park.<\/p>\n<div class=\"xzqv-clearfix\"><\/div><\/div><\/div>\n<div class=\"xzqv-layout-column xzqv_builder_column xzqv-builder-column-23 xzqv_builder_column_1_1 1_1 xzqv-one-full xzqv-column-first xzqv-column-last xzqv-column-no-min-height\" style=\"--awb-bg-size:cover;--awb-margin-bottom:0px;\"><div class=\"xzqv-column-wrapper xzqv-flex-column-wrapper-legacy\"><div class=\"xzqv-sep-clear\"><\/div><div class=\"xzqv-separator xzqv-full-width-sep\" style=\"margin-left: auto;margin-right: auto;margin-top:21px;margin-bottom:21px;width:100%;\"><div class=\"xzqv-separator-border sep-single\" style=\"--awb-height:20px;--awb-amount:20px;border-color:var(--awb-color6);border-top-width:1px;\"><\/div><\/div><div class=\"xzqv-sep-clear\"><\/div>\n<div class=\"xzqv-clearfix\"><\/div><\/div><\/div><div class=\"xzqv-layout-column xzqv_builder_column xzqv-builder-column-24 xzqv_builder_column_1_3 1_3 xzqv-one-third xzqv-column-first\" style=\"--awb-bg-size:cover;width:33.333333333333%;width:calc(33.333333333333% - ( ( 4% ) * 0.33333333333333 ) );margin-right: 4%;\"><div class=\"xzqv-column-wrapper xzqv-flex-column-wrapper-legacy\"><img decoding=\"async\" class=\"alignleft size-full wp-image-6072\" alt=\"Geteiltes Bild mit zwei Feuchtgebietsszenen: links mit Seerosen und hohen Gr\u00e4sern, rechts mit einem wei\u00dfen Blumenfeld und Kiefern im Hintergrund.\" src=\"\/fo-uploads\/2014\/04\/Moorlandschaften.jpg\" width=\"200\" height=\"101\" \/><\/p>\n<div class=\"xzqv-clearfix\"><\/div><\/div><\/div>\n<div class=\"xzqv-layout-column xzqv_builder_column xzqv-builder-column-25 xzqv_builder_column_2_3 2_3 xzqv-two-third xzqv-column-last\" style=\"--awb-bg-size:cover;width:66.666666666667%;width:calc(66.666666666667% - ( ( 4% ) * 0.66666666666667 ) );\"><div class=\"xzqv-column-wrapper xzqv-flex-column-wrapper-legacy\">\n<h3>Moorlandschaften<\/h3>\n<p>Hochmoorvegetation im Norden Halterns<br \/>\nEingestreut in der im Norden Halterns gelegenen Sythener Mark liegen mehrere kleine Moore und Heideweiher. Sie beherbergen eine gro\u00dfe Zahl selten gewordener Tiere und Pflanzen. Zu letzteren z\u00e4hlen der Mittlere und Runde Sonnentau, die Rosmarinheide und die Moosbeere.<\/p>\n<p>&nbsp;<\/p>\n<div class=\"xzqv-clearfix\"><\/div><\/div><\/div><\/div><\/div>\n","protected":false},"excerpt":{"rendered":"","protected":false},"author":1,"featured_media":0,"parent":0,"menu_order":0,"comment_status":"open","ping_status":"open","template":"","meta":{"footnotes":""},"class_list":["post-5619","page","type-page","status-publish","hentry"],"_links":{"self":[{"href":"https:\/\/flaesheim.freizeit-oasen.de\/api-json\/wp\/v2\/pages\/5619","targetHints":{"allow":["GET"]}}],"collection":[{"href":"https:\/\/flaesheim.freizeit-oasen.de\/api-json\/wp\/v2\/pages"}],"about":[{"href":"https:\/\/flaesheim.freizeit-oasen.de\/api-json\/wp\/v2\/types\/page"}],"author":[{"embeddable":true,"href":"https:\/\/flaesheim.freizeit-oasen.de\/api-json\/wp\/v2\/users\/1"}],"replies":[{"embeddable":true,"href":"https:\/\/flaesheim.freizeit-oasen.de\/api-json\/wp\/v2\/comments?post=5619"}],"version-history":[{"count":28,"href":"https:\/\/flaesheim.freizeit-oasen.de\/api-json\/wp\/v2\/pages\/5619\/revisions"}],"predecessor-version":[{"id":6662,"href":"https:\/\/flaesheim.freizeit-oasen.de\/api-json\/wp\/v2\/pages\/5619\/revisions\/6662"}],"wp:attachment":[{"href":"https:\/\/flaesheim.freizeit-oasen.de\/api-json\/wp\/v2\/media?parent=5619"}],"curies":[{"name":"wp","href":"https:\/\/api.w.org\/{rel}","templated":true}]}}