{"id":4984,"date":"2013-11-25T15:59:34","date_gmt":"2013-11-25T13:59:34","guid":{"rendered":"http:\/\/p28.fo7946.alfahosting.org\/?page_id=4984"},"modified":"2025-12-30T12:59:40","modified_gmt":"2025-12-30T10:59:40","slug":"gastronomie","status":"publish","type":"page","link":"https:\/\/flaesheim.freizeit-oasen.de\/gastronomie\/","title":{"rendered":"Gastronomie"},"content":{"rendered":"<p><div class=\"xzqv-fullwidth fullwidth-box xzqv-builder-row-1 hundred-percent-fullwidth non-hundred-percent-height-scrolling\" style=\"--awb-border-radius-top-left:0px;--awb-border-radius-top-right:0px;--awb-border-radius-bottom-right:0px;--awb-border-radius-bottom-left:0px;--awb-overflow:visible;--awb-flex-wrap:wrap;\" ><div class=\"xzqv-builder-row xzqv-row\"><div class=\"xzqv-layout-column xzqv_builder_column xzqv-builder-column-0 xzqv_builder_column_1_1 1_1 xzqv-one-full xzqv-column-first xzqv-column-last xzqv-column-no-min-height\" style=\"--awb-bg-blend:overlay;--awb-bg-size:cover;--awb-margin-bottom:0px;\"><div class=\"xzqv-column-wrapper xzqv-flex-column-wrapper-legacy\"><script type=\"text\/javascript\">jQuery(function() { _initLayerSlider( '#layerslider_7_d7eorlypwzl2', {sliderVersion: '7.15.1', responsiveUnder: 670, allowFullscreen: true, slideBGSize: 'auto', pauseOnHover: 1, twoWaySlideshow: true, skin: 'borderlesslight', sliderFadeInDuration: 350, globalBGColor: '#ffffff', navStartStop: false, navButtons: false, useSrcset: true, skinsPath: 'https:\/\/flaesheim.freizeit-oasen.de\/fo-plugins\/LayerSlider\/assets\/static\/layerslider\/skins\/', performanceMode: true}); });<\/script><div id=\"layerslider_7_d7eorlypwzl2\"  class=\"ls-wp-container fitvidsignore ls-selectable\" style=\"width:670px;height:300px;max-width:670px;margin:0 auto;\"><div class=\"ls-slide\" data-ls=\"duration:6000;transition2d:5;\"><img decoding=\"async\" width=\"670\" height=\"300\" src=\"https:\/\/flaesheim.freizeit-oasen.de\/fo-uploads\/2014\/05\/Gastronomie_IMG_1316.jpg\" class=\"ls-bg\" alt=\"Ein einst\u00f6ckiges Geb\u00e4ude mit blauen Fensterrahmen und einem blauen Eingang, umgeben von B\u00e4umen und einem angelegten Garten mit einem gemauerten Weg, der zur T\u00fcr f\u00fchrt.\" \/><\/div><div class=\"ls-slide\" data-ls=\"duration:4000;transition2d:5;\"><img decoding=\"async\" width=\"670\" height=\"300\" src=\"https:\/\/flaesheim.freizeit-oasen.de\/fo-uploads\/2018\/04\/Gastronomie_IMG_3043.jpg\" class=\"ls-bg\" alt=\"Sitzbereich im Freien mit schwarzen St\u00fchlen und Tischen unter gro\u00dfen gelben Sch\u00f6fferhofer-Schirmen, umgeben von kleinen B\u00e4umen und Pflanzen in der N\u00e4he eines Geb\u00e4udes.\" srcset=\"https:\/\/flaesheim.freizeit-oasen.de\/fo-uploads\/2018\/04\/Gastronomie_IMG_3043-24x11.jpg 24w, https:\/\/flaesheim.freizeit-oasen.de\/fo-uploads\/2018\/04\/Gastronomie_IMG_3043-36x16.jpg 36w, https:\/\/flaesheim.freizeit-oasen.de\/fo-uploads\/2018\/04\/Gastronomie_IMG_3043-48x21.jpg 48w, https:\/\/flaesheim.freizeit-oasen.de\/fo-uploads\/2018\/04\/Gastronomie_IMG_3043-200x90.jpg 200w, https:\/\/flaesheim.freizeit-oasen.de\/fo-uploads\/2018\/04\/Gastronomie_IMG_3043-400x179.jpg 400w, https:\/\/flaesheim.freizeit-oasen.de\/fo-uploads\/2018\/04\/Gastronomie_IMG_3043-600x269.jpg 600w, https:\/\/flaesheim.freizeit-oasen.de\/fo-uploads\/2018\/04\/Gastronomie_IMG_3043.jpg 670w\" sizes=\"(max-width: 670px) 100vw, 670px\" \/><\/div><div class=\"ls-slide\" data-ls=\"duration:4000;transition2d:5;\"><img decoding=\"async\" width=\"670\" height=\"300\" src=\"https:\/\/flaesheim.freizeit-oasen.de\/fo-uploads\/2018\/04\/Gastronomie_IMG_3010.jpg\" class=\"ls-bg\" alt=\"Sitzbereich im Freien mit Korbst\u00fchlen und Tischen unter gro\u00dfen orangefarbenen Sonnenschirmen auf einer Kiesfl\u00e4che; im Hintergrund sind ein Geb\u00e4ude und B\u00e4ume zu sehen.\" srcset=\"https:\/\/flaesheim.freizeit-oasen.de\/fo-uploads\/2018\/04\/Gastronomie_IMG_3010-24x11.jpg 24w, https:\/\/flaesheim.freizeit-oasen.de\/fo-uploads\/2018\/04\/Gastronomie_IMG_3010-36x16.jpg 36w, https:\/\/flaesheim.freizeit-oasen.de\/fo-uploads\/2018\/04\/Gastronomie_IMG_3010-48x21.jpg 48w, https:\/\/flaesheim.freizeit-oasen.de\/fo-uploads\/2018\/04\/Gastronomie_IMG_3010-200x90.jpg 200w, https:\/\/flaesheim.freizeit-oasen.de\/fo-uploads\/2018\/04\/Gastronomie_IMG_3010-400x179.jpg 400w, https:\/\/flaesheim.freizeit-oasen.de\/fo-uploads\/2018\/04\/Gastronomie_IMG_3010-600x269.jpg 600w, https:\/\/flaesheim.freizeit-oasen.de\/fo-uploads\/2018\/04\/Gastronomie_IMG_3010.jpg 670w\" sizes=\"(max-width: 670px) 100vw, 670px\" \/><\/div><div class=\"ls-slide\" data-ls=\"duration:4000;transition2d:5;\"><img decoding=\"async\" width=\"670\" height=\"300\" src=\"https:\/\/flaesheim.freizeit-oasen.de\/fo-uploads\/2018\/04\/Gastronomie_IMG_3029.jpg\" class=\"ls-bg\" alt=\"Sitzbereich im Freien mit schwarzen Korbst\u00fchlen und Tischen unter gro\u00dfen orangefarbenen Sch\u00f6fferhofer-Sonnenschirmen, mit Blick auf einen Yachthafen mit Booten und umgeben von B\u00e4umen.\" srcset=\"https:\/\/flaesheim.freizeit-oasen.de\/fo-uploads\/2018\/04\/Gastronomie_IMG_3029-24x11.jpg 24w, https:\/\/flaesheim.freizeit-oasen.de\/fo-uploads\/2018\/04\/Gastronomie_IMG_3029-36x16.jpg 36w, https:\/\/flaesheim.freizeit-oasen.de\/fo-uploads\/2018\/04\/Gastronomie_IMG_3029-48x21.jpg 48w, https:\/\/flaesheim.freizeit-oasen.de\/fo-uploads\/2018\/04\/Gastronomie_IMG_3029-200x90.jpg 200w, https:\/\/flaesheim.freizeit-oasen.de\/fo-uploads\/2018\/04\/Gastronomie_IMG_3029-400x179.jpg 400w, https:\/\/flaesheim.freizeit-oasen.de\/fo-uploads\/2018\/04\/Gastronomie_IMG_3029-600x269.jpg 600w, https:\/\/flaesheim.freizeit-oasen.de\/fo-uploads\/2018\/04\/Gastronomie_IMG_3029.jpg 670w\" sizes=\"(max-width: 670px) 100vw, 670px\" \/><\/div><div class=\"ls-slide\" data-ls=\"duration:6000;transition2d:5;\"><img decoding=\"async\" width=\"670\" height=\"300\" src=\"https:\/\/flaesheim.freizeit-oasen.de\/fo-uploads\/2018\/04\/Gastronomie_IMG_3020.jpg\" class=\"ls-bg\" alt=\"Sitzbereich im Freien mit schwarzen Korbst\u00fchlen und Tischen unter gro\u00dfen gelben Sonnenschirmen, umgeben von B\u00e4umen und kleinen Palmenpflanzen.\" srcset=\"https:\/\/flaesheim.freizeit-oasen.de\/fo-uploads\/2018\/04\/Gastronomie_IMG_3020-24x11.jpg 24w, https:\/\/flaesheim.freizeit-oasen.de\/fo-uploads\/2018\/04\/Gastronomie_IMG_3020-36x16.jpg 36w, https:\/\/flaesheim.freizeit-oasen.de\/fo-uploads\/2018\/04\/Gastronomie_IMG_3020-48x21.jpg 48w, https:\/\/flaesheim.freizeit-oasen.de\/fo-uploads\/2018\/04\/Gastronomie_IMG_3020-200x90.jpg 200w, https:\/\/flaesheim.freizeit-oasen.de\/fo-uploads\/2018\/04\/Gastronomie_IMG_3020-400x179.jpg 400w, https:\/\/flaesheim.freizeit-oasen.de\/fo-uploads\/2018\/04\/Gastronomie_IMG_3020-600x269.jpg 600w, https:\/\/flaesheim.freizeit-oasen.de\/fo-uploads\/2018\/04\/Gastronomie_IMG_3020.jpg 670w\" sizes=\"(max-width: 670px) 100vw, 670px\" \/><\/div><div class=\"ls-slide\" data-ls=\"duration:4000;transition2d:5;\"><img decoding=\"async\" width=\"670\" height=\"300\" src=\"https:\/\/flaesheim.freizeit-oasen.de\/fo-uploads\/2018\/04\/Gastronomie_IMG_3025.jpg\" class=\"ls-bg\" alt=\"Sitzbereich im Freien mit Korbst\u00fchlen und Tischen unter gro\u00dfen orangefarbenen Sonnenschirmen in der N\u00e4he einer kleinen Holzbar, umgeben von B\u00e4umen und Gr\u00fcn.\" srcset=\"https:\/\/flaesheim.freizeit-oasen.de\/fo-uploads\/2018\/04\/Gastronomie_IMG_3025-24x11.jpg 24w, https:\/\/flaesheim.freizeit-oasen.de\/fo-uploads\/2018\/04\/Gastronomie_IMG_3025-36x16.jpg 36w, https:\/\/flaesheim.freizeit-oasen.de\/fo-uploads\/2018\/04\/Gastronomie_IMG_3025-48x21.jpg 48w, https:\/\/flaesheim.freizeit-oasen.de\/fo-uploads\/2018\/04\/Gastronomie_IMG_3025-200x90.jpg 200w, https:\/\/flaesheim.freizeit-oasen.de\/fo-uploads\/2018\/04\/Gastronomie_IMG_3025-400x179.jpg 400w, https:\/\/flaesheim.freizeit-oasen.de\/fo-uploads\/2018\/04\/Gastronomie_IMG_3025-600x269.jpg 600w, https:\/\/flaesheim.freizeit-oasen.de\/fo-uploads\/2018\/04\/Gastronomie_IMG_3025.jpg 670w\" sizes=\"(max-width: 670px) 100vw, 670px\" \/><\/div><div class=\"ls-slide\" data-ls=\"duration:4000;transition2d:5;\"><img decoding=\"async\" width=\"670\" height=\"300\" src=\"https:\/\/flaesheim.freizeit-oasen.de\/fo-uploads\/2018\/04\/Gastronomie_IMG_3017.jpg\" class=\"ls-bg\" alt=\"Sitzbereich im Freien mit Holztischen, St\u00fchlen, schwarzen Liegest\u00fchlen, gelben Sonnenschirmen und Topfblumen; im Hintergrund sind B\u00e4ume und geparkte Autos zu sehen.\" srcset=\"https:\/\/flaesheim.freizeit-oasen.de\/fo-uploads\/2018\/04\/Gastronomie_IMG_3017-24x11.jpg 24w, https:\/\/flaesheim.freizeit-oasen.de\/fo-uploads\/2018\/04\/Gastronomie_IMG_3017-36x16.jpg 36w, https:\/\/flaesheim.freizeit-oasen.de\/fo-uploads\/2018\/04\/Gastronomie_IMG_3017-48x21.jpg 48w, https:\/\/flaesheim.freizeit-oasen.de\/fo-uploads\/2018\/04\/Gastronomie_IMG_3017-200x90.jpg 200w, https:\/\/flaesheim.freizeit-oasen.de\/fo-uploads\/2018\/04\/Gastronomie_IMG_3017-400x179.jpg 400w, https:\/\/flaesheim.freizeit-oasen.de\/fo-uploads\/2018\/04\/Gastronomie_IMG_3017-600x269.jpg 600w, https:\/\/flaesheim.freizeit-oasen.de\/fo-uploads\/2018\/04\/Gastronomie_IMG_3017.jpg 670w\" sizes=\"(max-width: 670px) 100vw, 670px\" \/><\/div><div class=\"ls-slide\" data-ls=\"duration:4000;transition2d:5;\"><img decoding=\"async\" width=\"670\" height=\"300\" src=\"https:\/\/flaesheim.freizeit-oasen.de\/fo-uploads\/2018\/04\/Gastronomie_IMG_3016.jpg\" class=\"ls-bg\" alt=\"\u00dcberdachter Sitzbereich im Freien mit leeren schwarzen St\u00fchlen und Tischen, mit Blick auf einen grasbewachsenen Park mit B\u00e4umen, Spielger\u00e4ten und einem Volleyballfeld im Hintergrund.\" srcset=\"https:\/\/flaesheim.freizeit-oasen.de\/fo-uploads\/2018\/04\/Gastronomie_IMG_3016-24x11.jpg 24w, https:\/\/flaesheim.freizeit-oasen.de\/fo-uploads\/2018\/04\/Gastronomie_IMG_3016-36x16.jpg 36w, https:\/\/flaesheim.freizeit-oasen.de\/fo-uploads\/2018\/04\/Gastronomie_IMG_3016-48x21.jpg 48w, https:\/\/flaesheim.freizeit-oasen.de\/fo-uploads\/2018\/04\/Gastronomie_IMG_3016-200x90.jpg 200w, https:\/\/flaesheim.freizeit-oasen.de\/fo-uploads\/2018\/04\/Gastronomie_IMG_3016-400x179.jpg 400w, https:\/\/flaesheim.freizeit-oasen.de\/fo-uploads\/2018\/04\/Gastronomie_IMG_3016-600x269.jpg 600w, https:\/\/flaesheim.freizeit-oasen.de\/fo-uploads\/2018\/04\/Gastronomie_IMG_3016.jpg 670w\" sizes=\"(max-width: 670px) 100vw, 670px\" \/><\/div><div class=\"ls-slide\" data-ls=\"duration:4000;transition2d:5;\"><img decoding=\"async\" width=\"670\" height=\"300\" src=\"https:\/\/flaesheim.freizeit-oasen.de\/fo-uploads\/2018\/04\/Gastronomie_IMG_3044.jpg\" class=\"ls-bg\" alt=\"Offener Holzpavillon mit gr\u00fcnem Dach, unter dem schwarze Korbst\u00fchle und Tische stehen, umgeben von Sitzgelegenheiten im Freien und Gr\u00fcnpflanzen.\" srcset=\"https:\/\/flaesheim.freizeit-oasen.de\/fo-uploads\/2018\/04\/Gastronomie_IMG_3044-24x11.jpg 24w, https:\/\/flaesheim.freizeit-oasen.de\/fo-uploads\/2018\/04\/Gastronomie_IMG_3044-36x16.jpg 36w, https:\/\/flaesheim.freizeit-oasen.de\/fo-uploads\/2018\/04\/Gastronomie_IMG_3044-48x21.jpg 48w, https:\/\/flaesheim.freizeit-oasen.de\/fo-uploads\/2018\/04\/Gastronomie_IMG_3044-200x90.jpg 200w, https:\/\/flaesheim.freizeit-oasen.de\/fo-uploads\/2018\/04\/Gastronomie_IMG_3044-400x179.jpg 400w, https:\/\/flaesheim.freizeit-oasen.de\/fo-uploads\/2018\/04\/Gastronomie_IMG_3044-600x269.jpg 600w, https:\/\/flaesheim.freizeit-oasen.de\/fo-uploads\/2018\/04\/Gastronomie_IMG_3044.jpg 670w\" sizes=\"(max-width: 670px) 100vw, 670px\" \/><\/div><div class=\"ls-slide\" data-ls=\"duration:4000;transition2d:5;\"><img decoding=\"async\" width=\"670\" height=\"300\" src=\"https:\/\/flaesheim.freizeit-oasen.de\/fo-uploads\/2018\/04\/Gastronomie_IMG_3023.jpg\" class=\"ls-bg\" alt=\"Au\u00dfenterrasse mit Holztischen und -st\u00fchlen, gestreiften Kissen, gelben Sonnenschirmen und Topfpflanzen an einem sonnigen Tag.\" srcset=\"https:\/\/flaesheim.freizeit-oasen.de\/fo-uploads\/2018\/04\/Gastronomie_IMG_3023-24x11.jpg 24w, https:\/\/flaesheim.freizeit-oasen.de\/fo-uploads\/2018\/04\/Gastronomie_IMG_3023-36x16.jpg 36w, https:\/\/flaesheim.freizeit-oasen.de\/fo-uploads\/2018\/04\/Gastronomie_IMG_3023-48x21.jpg 48w, https:\/\/flaesheim.freizeit-oasen.de\/fo-uploads\/2018\/04\/Gastronomie_IMG_3023-200x90.jpg 200w, https:\/\/flaesheim.freizeit-oasen.de\/fo-uploads\/2018\/04\/Gastronomie_IMG_3023-400x179.jpg 400w, https:\/\/flaesheim.freizeit-oasen.de\/fo-uploads\/2018\/04\/Gastronomie_IMG_3023-600x269.jpg 600w, https:\/\/flaesheim.freizeit-oasen.de\/fo-uploads\/2018\/04\/Gastronomie_IMG_3023.jpg 670w\" sizes=\"(max-width: 670px) 100vw, 670px\" \/><\/div><div class=\"ls-slide\" data-ls=\"duration:4000;transition2d:5;\"><img decoding=\"async\" width=\"670\" height=\"300\" src=\"https:\/\/flaesheim.freizeit-oasen.de\/fo-uploads\/2018\/04\/Gastronomie_IMG_3022.jpg\" class=\"ls-bg\" alt=\"Au\u00dfencaf\u00e9 mit leeren Tischen und St\u00fchlen, ein Mann steht an einer Wand, Blumen in Pflanzk\u00fcbeln, B\u00e4ume und Boote sind im Hintergrund unter einem teilweise bew\u00f6lkten Himmel zu sehen.\" srcset=\"https:\/\/flaesheim.freizeit-oasen.de\/fo-uploads\/2018\/04\/Gastronomie_IMG_3022-24x11.jpg 24w, https:\/\/flaesheim.freizeit-oasen.de\/fo-uploads\/2018\/04\/Gastronomie_IMG_3022-36x16.jpg 36w, https:\/\/flaesheim.freizeit-oasen.de\/fo-uploads\/2018\/04\/Gastronomie_IMG_3022-48x21.jpg 48w, https:\/\/flaesheim.freizeit-oasen.de\/fo-uploads\/2018\/04\/Gastronomie_IMG_3022-200x90.jpg 200w, https:\/\/flaesheim.freizeit-oasen.de\/fo-uploads\/2018\/04\/Gastronomie_IMG_3022-400x179.jpg 400w, https:\/\/flaesheim.freizeit-oasen.de\/fo-uploads\/2018\/04\/Gastronomie_IMG_3022-600x269.jpg 600w, https:\/\/flaesheim.freizeit-oasen.de\/fo-uploads\/2018\/04\/Gastronomie_IMG_3022.jpg 670w\" sizes=\"(max-width: 670px) 100vw, 670px\" \/><\/div><div class=\"ls-slide\" data-ls=\"duration:4000;transition2d:5;\"><img decoding=\"async\" width=\"670\" height=\"300\" src=\"https:\/\/flaesheim.freizeit-oasen.de\/fo-uploads\/2018\/04\/Gastronomie_IMG_3037.jpg\" class=\"ls-bg\" alt=\"Modernes Barinterieur mit Holztheke, Sp\u00fclbecken, Flaschenauslage, Sitzgelegenheiten, Wandfernseher, Dartscheibe und Garderobe.\" srcset=\"https:\/\/flaesheim.freizeit-oasen.de\/fo-uploads\/2018\/04\/Gastronomie_IMG_3037-24x11.jpg 24w, https:\/\/flaesheim.freizeit-oasen.de\/fo-uploads\/2018\/04\/Gastronomie_IMG_3037-36x16.jpg 36w, https:\/\/flaesheim.freizeit-oasen.de\/fo-uploads\/2018\/04\/Gastronomie_IMG_3037-48x21.jpg 48w, https:\/\/flaesheim.freizeit-oasen.de\/fo-uploads\/2018\/04\/Gastronomie_IMG_3037-200x90.jpg 200w, https:\/\/flaesheim.freizeit-oasen.de\/fo-uploads\/2018\/04\/Gastronomie_IMG_3037-400x179.jpg 400w, https:\/\/flaesheim.freizeit-oasen.de\/fo-uploads\/2018\/04\/Gastronomie_IMG_3037-600x269.jpg 600w, https:\/\/flaesheim.freizeit-oasen.de\/fo-uploads\/2018\/04\/Gastronomie_IMG_3037.jpg 670w\" sizes=\"(max-width: 670px) 100vw, 670px\" \/><\/div><div class=\"ls-slide\" data-ls=\"duration:4000;transition2d:5;\"><img decoding=\"async\" width=\"670\" height=\"300\" src=\"https:\/\/flaesheim.freizeit-oasen.de\/fo-uploads\/2018\/04\/Gastronomie_IMG_3046.jpg\" class=\"ls-bg\" alt=\"Eine absch\u00fcssige Rasenfl\u00e4che mit vereinzelten B\u00e4umen, die zu einem Geb\u00e4ude mit geschlossenen Schirmen und einem gro\u00dfen offenen orangefarbenen Regenschirm im Freien f\u00fchrt.\" srcset=\"https:\/\/flaesheim.freizeit-oasen.de\/fo-uploads\/2018\/04\/Gastronomie_IMG_3046-24x11.jpg 24w, https:\/\/flaesheim.freizeit-oasen.de\/fo-uploads\/2018\/04\/Gastronomie_IMG_3046-36x16.jpg 36w, https:\/\/flaesheim.freizeit-oasen.de\/fo-uploads\/2018\/04\/Gastronomie_IMG_3046-48x21.jpg 48w, https:\/\/flaesheim.freizeit-oasen.de\/fo-uploads\/2018\/04\/Gastronomie_IMG_3046-200x90.jpg 200w, https:\/\/flaesheim.freizeit-oasen.de\/fo-uploads\/2018\/04\/Gastronomie_IMG_3046-400x179.jpg 400w, https:\/\/flaesheim.freizeit-oasen.de\/fo-uploads\/2018\/04\/Gastronomie_IMG_3046-600x269.jpg 600w, https:\/\/flaesheim.freizeit-oasen.de\/fo-uploads\/2018\/04\/Gastronomie_IMG_3046.jpg 670w\" sizes=\"(max-width: 670px) 100vw, 670px\" \/><\/div><\/div><div class=\"xzqv-text xzqv-text-1\"><h1 style=\"font-size: 30px ! important; text-align: left;\">Bistro Marina Flaesheim<\/h1>\n<p>Verbringen Sie eine entspannte Zeit und genie\u00dfen Sie den wundersch\u00f6nen Blick auf den Yachthafen, den See mit Badestrand und den dahinter liegenden Wald. In den Abendstunden sorgen die traumhaften Sonnenunterg\u00e4nge \u00fcber der Marina f\u00fcr perfektes Urlaubsfeeling in mediterranem Ambiente.<\/p>\n<p>Ob Camper oder Kapit\u00e4n, mit dem Rad oder zu Fu\u00df,\u00a0Sie sind herzlich willkommen und wir freuen uns auf Sie.<\/p>\n<\/div><div class=\"xzqv-text xzqv-text-2\"><h2 class=\"xzqv-responsive-typography-calculated\" style=\"--fontsize: 18; line-height: 1.5; --minfontsize: 18;\" data-fontsize=\"18\" data-lineheight=\"27px\">Bistro<\/h2>\n<p>Im modern und gem\u00fctlich gestalteten Gastraum unseres Bistros finden bis zu 40 G\u00e4ste an Tischen Platz. Beliebt sind auch der gro\u00dfe Stehtisch und der breite Tresen, an denen auch kleine Speisen eingenommen werden k\u00f6nnen. Es besteht zudem die M\u00f6glichkeit Dart zu spielen.<\/p>\n<h2 class=\"xzqv-responsive-typography-calculated\" style=\"--fontsize: 18; line-height: 1.5; --minfontsize: 18;\" data-fontsize=\"18\" data-lineheight=\"27px\">Bistro-Terrasse<\/h2>\n<p>Die Bistro-Terrasse bietet ausreichend Platz f\u00fcr 80 Personen.<\/p>\n<h2 class=\"xzqv-responsive-typography-calculated\" style=\"--fontsize: 18; line-height: 1.5; --minfontsize: 18;\" data-fontsize=\"18\" data-lineheight=\"27px\">Lounge<\/h2>\n<p>Es erwartet Sie eine Lounge mit bequemen Sitzm\u00f6beln und kleinen Tischen zwischen echten Palmen.<\/p>\n<h2 class=\"xzqv-responsive-typography-calculated\" style=\"--fontsize: 18; line-height: 1.5; --minfontsize: 18;\" data-fontsize=\"18\" data-lineheight=\"27px\">Pub<\/h2>\n<p>Unseren beliebten Outdoor-Pub haben wir vergr\u00f6\u00dfert, \u00fcberdacht und mit Tischen und Sitzgelegenheiten erg\u00e4nzt.<\/p>\n<h2 class=\"xzqv-responsive-typography-calculated\" style=\"--fontsize: 18; line-height: 1.5; --minfontsize: 18;\" data-fontsize=\"18\" data-lineheight=\"27px\">Ladestation<\/h2>\n<p>Ihr E-Bike oder Handy k\u00f6nnen Sie gern an unserer Ladestation aufladen.<\/p>\n<h2 class=\"xzqv-responsive-typography-calculated\" style=\"--fontsize: 18; line-height: 1.5; --minfontsize: 18;\" data-fontsize=\"18\" data-lineheight=\"27px\">Veranstaltungen<\/h2>\n<p>Unser Team richtet auch gern Ihre Feier oder Veranstaltung f\u00fcr Sie aus. Bei Voranmeldung erf\u00fcllt unser Koch Ihnen gern Ihre besonderen W\u00fcnsche.<\/p>\n<h2 class=\"xzqv-responsive-typography-calculated\" style=\"--fontsize: 18; line-height: 1.5; --minfontsize: 18;\" data-fontsize=\"18\" data-lineheight=\"27px\">Yachthafen<\/h2>\n<p>In unserem Yachthafen haben Sie die M\u00f6glichkeit mit Ihrem Boot zu \u00fcbernachten.<br \/>\nAnmeldung unter 0170 \/ 933 4411<\/p>\n<\/div><div class=\"xzqv-clearfix\"><\/div><\/div><\/div><\/div><\/div><div class=\"xzqv-fullwidth fullwidth-box xzqv-builder-row-2 nonhundred-percent-fullwidth non-hundred-percent-height-scrolling\" style=\"--awb-background-position:top right;--awb-border-sizes-top:1px;--awb-border-sizes-bottom:1px;--awb-border-sizes-left:0px;--awb-border-sizes-right:0px;--awb-border-color:#e5e4e4;--awb-border-radius-top-left:0px;--awb-border-radius-top-right:0px;--awb-border-radius-bottom-right:0px;--awb-border-radius-bottom-left:0px;--awb-padding-top:20px;--awb-padding-bottom:20px;--awb-background-color:#b3c6db;--awb-flex-wrap:wrap;\" ><div class=\"xzqv-builder-row xzqv-row\"><div class=\"xzqv-layout-column xzqv_builder_column xzqv-builder-column-1 xzqv_builder_column_1_1 1_1 xzqv-one-full xzqv-column-first xzqv-column-last\" style=\"--awb-bg-blend:overlay;--awb-bg-size:cover;--awb-margin-bottom:0px;\"><div class=\"xzqv-column-wrapper xzqv-flex-column-wrapper-legacy\"><div class=\"xzqv-text xzqv-text-3\"><h1 style=\"text-align: center;\" data-inline-fontsize=\"true\" data-inline-lineheight=\"true\" data-fontsize=\"30\" data-lineheight=\"45\">Schauen Sie doch einmal vorbei.<br \/>\nWir freuen uns auf Ihren Besuch!<\/h1>\n<\/div><div class=\"xzqv-clearfix\"><\/div><\/div><\/div><div class=\"xzqv-layout-column xzqv_builder_column xzqv-builder-column-2 xzqv_builder_column_1_1 1_1 xzqv-one-full xzqv-column-first xzqv-column-last xzqv-column-no-min-height\" style=\"--awb-bg-blend:overlay;--awb-bg-size:cover;--awb-margin-bottom:0px;\"><div class=\"xzqv-column-wrapper xzqv-flex-column-wrapper-legacy\"><div class=\"xzqv-sep-clear\"><\/div><div class=\"xzqv-separator xzqv-full-width-sep\" style=\"margin-left: auto;margin-right: auto;margin-top:20px;width:100%;\"><\/div><div class=\"xzqv-sep-clear\"><\/div><div class=\"xzqv-clearfix\"><\/div><\/div><\/div><\/div><\/div><\/p>\n","protected":false},"excerpt":{"rendered":"","protected":false},"author":1,"featured_media":0,"parent":0,"menu_order":0,"comment_status":"open","ping_status":"closed","template":"","meta":{"footnotes":""},"class_list":["post-4984","page","type-page","status-publish","hentry"],"_links":{"self":[{"href":"https:\/\/flaesheim.freizeit-oasen.de\/api-json\/wp\/v2\/pages\/4984","targetHints":{"allow":["GET"]}}],"collection":[{"href":"https:\/\/flaesheim.freizeit-oasen.de\/api-json\/wp\/v2\/pages"}],"about":[{"href":"https:\/\/flaesheim.freizeit-oasen.de\/api-json\/wp\/v2\/types\/page"}],"author":[{"embeddable":true,"href":"https:\/\/flaesheim.freizeit-oasen.de\/api-json\/wp\/v2\/users\/1"}],"replies":[{"embeddable":true,"href":"https:\/\/flaesheim.freizeit-oasen.de\/api-json\/wp\/v2\/comments?post=4984"}],"version-history":[{"count":83,"href":"https:\/\/flaesheim.freizeit-oasen.de\/api-json\/wp\/v2\/pages\/4984\/revisions"}],"predecessor-version":[{"id":6587,"href":"https:\/\/flaesheim.freizeit-oasen.de\/api-json\/wp\/v2\/pages\/4984\/revisions\/6587"}],"wp:attachment":[{"href":"https:\/\/flaesheim.freizeit-oasen.de\/api-json\/wp\/v2\/media?parent=4984"}],"curies":[{"name":"wp","href":"https:\/\/api.w.org\/{rel}","templated":true}]}}